{"id":303,"date":"2024-02-17T10:46:36","date_gmt":"2024-02-17T13:46:36","guid":{"rendered":"https:\/\/www.professorkleberson.com.br\/inicio\/?page_id=303"},"modified":"2024-02-17T11:15:34","modified_gmt":"2024-02-17T14:15:34","slug":"prefeitura-pantanal-do-norte-mt-auditorias-realizadas-2","status":"publish","type":"page","link":"https:\/\/www.professorkleberson.com.br\/inicio\/prefeitura-pantanal-do-norte-mt-auditorias-realizadas-2\/","title":{"rendered":"Prefeitura Pantanal do Norte\/MT &#8211; Auditorias Realizadas"},"content":{"rendered":"\n<div class=\"wp-block-columns is-layout-flex wp-container-core-columns-is-layout-9d6595d7 wp-block-columns-is-layout-flex\">\n<div class=\"wp-block-column is-layout-flow wp-block-column-is-layout-flow\" style=\"flex-basis:33.33%\">\n<div class=\"wp-block-buttons is-layout-flex wp-block-buttons-is-layout-flex\"><\/div>\n\n\n\n<div class=\"wp-block-buttons has-custom-font-size has-small-font-size is-content-justification-center is-nowrap is-layout-flex wp-container-core-buttons-is-layout-1fb9aab6 wp-block-buttons-is-layout-flex\">\n<div class=\"wp-block-button has-custom-width wp-block-button__width-75 is-style-outline is-style-outline--1\"><a class=\"wp-block-button__link wp-element-button\" href=\"https:\/\/www.professorkleberson.com.br\/inicio\/prefeitura-pantanal-do-norte\/\">In\u00edcio<\/a><\/div>\n<\/div>\n\n\n\n<\/br>\n\n\n\n<div class=\"wp-block-buttons has-custom-font-size has-small-font-size is-content-justification-center is-nowrap is-layout-flex wp-container-core-buttons-is-layout-1fb9aab6 wp-block-buttons-is-layout-flex\">\n<div class=\"wp-block-button has-custom-width wp-block-button__width-75 is-style-outline is-style-outline--2\"><a class=\"wp-block-button__link wp-element-button\" href=\"https:\/\/www.professorkleberson.com.br\/inicio\/prefeitura-pantanal-do-norte-mt-auditorias-entrevistas\/\">1. Entrevistas<\/a><\/div>\n<\/div>\n\n\n\n<\/br>\n\n\n\n<div class=\"wp-block-buttons has-custom-font-size has-small-font-size is-content-justification-center is-nowrap is-layout-flex wp-container-core-buttons-is-layout-94bc23d7 wp-block-buttons-is-layout-flex\">\n<div class=\"wp-block-button has-custom-width wp-block-button__width-75 is-style-outline is-style-outline--3\"><a class=\"wp-block-button__link wp-element-button\" href=\"https:\/\/www.professorkleberson.com.br\/inicio\/prefeitura-pantanal-do-norte-mt-auditorias-realizadas\/\">2. Processo de Penaliza\u00e7\u00e3o<\/a><\/div>\n<\/div>\n\n\n\n<\/br>\n\n\n\n<div class=\"wp-block-buttons has-custom-font-size has-small-font-size is-content-justification-center is-nowrap is-layout-flex wp-container-core-buttons-is-layout-94bc23d7 wp-block-buttons-is-layout-flex\">\n<div class=\"wp-block-button has-custom-width wp-block-button__width-75 is-style-fill\"><a class=\"wp-block-button__link wp-element-button\">3. Relat\u00f3rio de Auditoria<\/a><\/div>\n<\/div>\n\n\n\n<\/br>\n\n\n\n<div class=\"wp-block-buttons has-custom-font-size has-small-font-size is-content-justification-center is-nowrap is-layout-flex wp-container-core-buttons-is-layout-94bc23d7 wp-block-buttons-is-layout-flex\"><\/div>\n<\/div>\n\n\n\n<div class=\"wp-block-column is-layout-flow wp-block-column-is-layout-flow\" style=\"flex-basis:66.66%\">\n<h3 class=\"wp-block-heading\">3. Relat\u00f3rio de Auditoria de Avalia\u00e7\u00e3o de Licita\u00e7\u00f5es<\/h3>\n\n\n\n<p class=\"has-text-align-center\"><br><strong>ESTADO DE MATO GROSSO<\/strong><br><strong>PREFEITURA MUNICIPAL DE PANTANAL DO NORTE\/MT<\/strong><br><strong>CONTROLADORIA-GERAL DO MUNIC\u00cdPIO<\/strong><br><strong>AN\u00c1LISE DE PROCESSOS LICITAT\u00d3RIOS<\/strong><br><\/p>\n\n\n\n<p class=\"has-text-align-center\"><strong>Amostragem de auditoria<\/strong><\/p>\n\n\n\n<p>A auditoria teve por objetivo avaliar a regularidade das contrata\u00e7\u00f5es efetuadas em atendimento \u00e0 demanda apresentada pela diretora de compras.<\/p>\n\n\n\n<p>Em consulta ao sistema de compras, foram obtidos os seguintes dados:<\/p>\n\n\n\n<figure class=\"wp-block-table is-style-stripes\"><table><tbody><tr><td colspan=\"6\"><strong>Licita\u00e7\u00f5es realizadas em 2022<\/strong><strong><\/strong><\/td><\/tr><tr><td>Quantidade total Processos licitat\u00f3rios<\/td><td>Volume total de recursos dos processos licitat\u00f3rios (R$)<\/td><td>Amostra avaliada<\/td><td>Volume de recursos avaliados (R$)<\/td><td>Qtde em que foi detectada alguma falha<\/td><td>Volume dos recursos em que foi detectada alguma falha<\/td><\/tr><tr><td>06 &#8211; Concorr\u00eancias<\/td><td>8.456.908,00<\/td><td>02<\/td><td>6.780.985,00<\/td><td>02<\/td><td>6.780.985,00<\/td><\/tr><tr><td>06 &#8211; Tomada de pre\u00e7os<\/td><td>9.890.765,00<\/td><td>02<\/td><td>5.800.920,00<\/td><td>02<\/td><td>5.800.920,00<\/td><\/tr><tr><td>22 &#8211; Preg\u00f5es presenciais<\/td><td>22.458.650,00<\/td><td>14<\/td><td>8.650.900,00<\/td><td>14<\/td><td>8.650.900,00<\/td><\/tr><tr><td>04 &#8211; Dispensas<\/td><td>8.960.980,00<\/td><td>02<\/td><td>2.408.505,00<\/td><td>02<\/td><td>2.408.505,00<\/td><\/tr><tr><td>02 &#8211; Inexigibilidade<\/td><td>250.560,00<\/td><td>&#8211;<\/td><td>&#8211;<\/td><td>&#8211;<\/td><td>&#8211;<\/td><\/tr><tr><td><strong>TOTAL<\/strong><\/td><td><strong>50.017.863,00<\/strong><\/td><td><strong>20<\/strong><\/td><td><strong>23.641.310,00<\/strong><\/td><td><strong>20<\/strong><\/td><td><strong>23.641.310,00<\/strong><\/td><\/tr><tr><td colspan=\"6\">Fonte: Sistema de Compras de Pantanal do Norte\/MT, fevereiro\/2023.<\/td><\/tr><\/tbody><\/table><\/figure>\n\n\n\n<p>Para a avalia\u00e7\u00e3o, foram selecionados 20 processos, totalizando R$23.641.310,00 (47,27% do total). Desses processos, s\u00e3o 8 (oito) compras, 8 (oito) contrata\u00e7\u00f5es de servi\u00e7os e 4 (quatro) licita\u00e7\u00f5es de obras. Esses processos foram selecionados com base em crit\u00e9rios de materialidade, relev\u00e2ncia e risco, resultando em uma amostragem n\u00e3o probabil\u00edstica.<\/p>\n\n\n\n<p>Dessa forma, os resultados da an\u00e1lise da amostra dos processos licitat\u00f3rios auditados est\u00e3o demonstrados nos <em>checklist<\/em> e registro de inconformidades apresentados a seguir.<\/p>\n\n\n\n<p><strong><em>CHECKLIST<\/em><\/strong><strong>. PROCESSO LICITAT\u00d3RIO. COMPRAS<\/strong><\/p>\n\n\n\n<p>Resposta esperada = N\u00c3O em todos os quesitos.<\/p>\n\n\n\n<figure class=\"wp-block-table is-style-regular\"><table><thead><tr><td><strong>Procedimentos<\/strong><strong><\/strong><\/td><td rowspan=\"2\"><strong>S(%)<\/strong><strong><\/strong><\/td><td rowspan=\"2\"><strong>N(%)<\/strong><strong><\/strong><\/td><\/tr><tr><td><strong>1. Projeto b\u00e1sico\/termo de refer\u00eancia<\/strong><strong><\/strong><\/td><\/tr><\/thead><tbody><tr><td>1.01 O objeto est\u00e1 definido de forma imprecisa, insuficiente<\/td><td><strong>50 <\/strong><strong><\/strong><\/td><td>50<\/td><\/tr><tr><td>1.02 H\u00e1 especifica\u00e7\u00f5es que direcionam para fornecedor\/marca ou restringem competi\u00e7\u00e3o<\/td><td><strong>&nbsp;<\/strong><\/td><td>100<\/td><\/tr><tr><td>1.03 O autor do projeto tem algum v\u00ednculo com o licitante<\/td><td><strong>&nbsp;<\/strong><\/td><td>100<\/td><\/tr><tr><td>1.04 H\u00e1 fracionamento com fuga da modalidade adequada ou para dispensar<\/td><td>&nbsp;<\/td><td>100<\/td><\/tr><tr><td>1.05 O objeto \u00e9 divis\u00edvel, mas n\u00e3o houve parcelamento e n\u00e3o h\u00e1 justificativa<\/td><td>&nbsp;<\/td><td>100<\/td><\/tr><tr><td>1.06 A previs\u00e3o or\u00e7ament\u00e1ria \u00e9 inadequada<\/td><td><strong>&nbsp;<\/strong><\/td><td>100 <strong><\/strong><\/td><\/tr><tr><td>1.07 Os pre\u00e7os de refer\u00eancia foram estimados de forma inadequada<\/td><td><strong>50 <\/strong><strong><\/strong><\/td><td>50<\/td><\/tr><tr><td>1.08 Deixou-se de adotar o preg\u00e3o eletr\u00f4nico e n\u00e3o h\u00e1 justificativa<\/td><td><strong>100 <\/strong><strong><\/strong><\/td><td><strong>&nbsp;<\/strong><\/td><\/tr><tr><td>1.09 As quantidades licitadas s\u00e3o incompat\u00edveis com a demanda<\/td><td><strong>75<\/strong><\/td><td><strong>25<\/strong><strong><\/strong><\/td><\/tr><\/tbody><\/table><\/figure>\n\n\n\n<figure class=\"wp-block-table\"><table><thead><tr><td><strong>2. Cl\u00e1usulas do edital<\/strong><strong><\/strong><\/td><td><strong>&nbsp;S(%)<\/strong><\/td><td><strong>&nbsp;N(%)<\/strong><\/td><\/tr><\/thead><tbody><tr><td>2.01 Veda-se apresenta\u00e7\u00e3o de documentos via postal, fax, telegrama ou <em>e-mail<\/em><\/td><td><strong>50 <\/strong><strong><\/strong><\/td><td>50<\/td><\/tr><tr><td>2.02 Pro\u00edbe-se a participa\u00e7\u00e3o de empresa em lit\u00edgio judicial com o \u00f3rg\u00e3o comprador<\/td><td><strong>&nbsp;<\/strong><\/td><td>100<\/td><\/tr><tr><td>2.03 Exige-se cadastro pr\u00e9vio irregular (prazo indevido em TP, obrigat\u00f3rio nas outras)<\/td><td><strong>&nbsp;<\/strong><\/td><td>100<\/td><\/tr><tr><td>2.04 Exige-se alvar\u00e1 ou comprova\u00e7\u00e3o de localiza\u00e7\u00e3o do licitante em munic\u00edpio espec\u00edfico<\/td><td><strong>&nbsp;<\/strong><\/td><td>100<\/td><\/tr><tr><td>2.05 Exige-se quita\u00e7\u00e3o em vez de regularidade fiscal<\/td><td><strong>100 <\/strong><strong><\/strong><\/td><td>&nbsp;<\/td><\/tr><tr><td>2.06 Exige-se idoneidade financeira ou banc\u00e1ria<\/td><td><strong>&nbsp;<\/strong><\/td><td>100<\/td><\/tr><tr><td>2.07 Exige-se garantia de proposta irregular (valor, prazo, forma, com CS ou PL)<\/td><td><strong>&nbsp;<\/strong><\/td><td>100<\/td><\/tr><tr><td>2.08 Exigem-se \u00edndices cont\u00e1beis incomuns e sem justificativa<\/td><td><strong>&nbsp;<\/strong><\/td><td>100<\/td><\/tr><tr><td>2.09 Exige-se sa\u00fade financeira exagerada (capital integralizado, acima do limite)<\/td><td><strong>&nbsp;<\/strong><\/td><td>100<\/td><\/tr><tr><td>2.10 Exige-se certid\u00e3o negativa de corregedoria de justi\u00e7a<\/td><td><strong>&nbsp;<\/strong><\/td><td>100<\/td><\/tr><tr><td>2.11 Exige-se certid\u00e3o negativa de protesto<\/td><td><strong>&nbsp;<\/strong><\/td><td>100<\/td><\/tr><tr><td>2.12 Exige-se certificado de qualidade n\u00e3o obrigat\u00f3rio por lei (ABIC, ABNT, ISO)<\/td><td><strong>&nbsp;<\/strong><\/td><td>100<\/td><\/tr><tr><td>2.13 Exigem-se atestados indevidos (m\u00edn, m\u00e1x ou fixo, parcela irrelevante, subjetivo)<\/td><td><strong>&nbsp;<\/strong><\/td><td>100<\/td><\/tr><tr><td>2.14 Exige-se carta de solidariedade ou compromisso do fabricante do produto<\/td><td><strong>&nbsp;<\/strong><\/td><td>100<\/td><\/tr><tr><td>2.15 Exige-se amostra irregular (sem crit\u00e9rios ou subjetivo, como habilita\u00e7\u00e3o)<\/td><td><strong>50 <\/strong><strong><\/strong><\/td><td>50<\/td><\/tr><\/tbody><\/table><\/figure>\n\n\n\n<figure class=\"wp-block-table\"><table><thead><tr><td><strong>3. Publicidade<\/strong><strong><\/strong><\/td><td><strong>&nbsp;S(%)<\/strong><\/td><td><strong>&nbsp;N(%)<\/strong><\/td><\/tr><\/thead><tbody><tr><td>3.01 O acesso ao edital \u00e9 restritivo (aquisi\u00e7\u00e3o presencial, pre\u00e7o exorbitante, etc.)<\/td><td>&nbsp;<\/td><td>100<\/td><\/tr><tr><td>3.02 A publica\u00e7\u00e3o do aviso foi inadequada (tipo e abrang\u00eancia, forma, data)<\/td><td>&nbsp;<\/td><td>100<\/td><\/tr><\/tbody><\/table><\/figure>\n\n\n\n<figure class=\"wp-block-table\"><table><tbody><tr><td>Data: 18.03.2023<\/td><td>Respons\u00e1veis pela an\u00e1lise: Jos\u00e9 On\u00e7a e Gilberto Tuiui\u00fa<\/td><\/tr><\/tbody><\/table><\/figure>\n\n\n\n<figure class=\"wp-block-table\"><table><tbody><tr><td><strong><em>CHECKLIST<\/em><\/strong><strong>. PROCESSO LICITAT\u00d3RIO. SERVI\u00c7OS<\/strong><\/td><\/tr><\/tbody><\/table><\/figure>\n\n\n\n<p>Resposta esperada = N\u00c3O em todos os quesitos.<\/p>\n\n\n\n<figure class=\"wp-block-table\"><table><thead><tr><td><strong>Procedimentos<\/strong><strong><\/strong><\/td><td rowspan=\"2\"><strong>S(%)<\/strong><strong><\/strong><\/td><td rowspan=\"2\"><strong>N(%)<\/strong><strong><\/strong><\/td><\/tr><tr><td><strong>1. Projeto b\u00e1sico\/termo de refer\u00eancia<\/strong><strong><\/strong><\/td><\/tr><\/thead><tbody><tr><td>1.01 O objeto est\u00e1 definido de forma imprecisa, insuficiente<\/td><td><strong>&nbsp;<\/strong><\/td><td>100<\/td><\/tr><tr><td>1.02. H\u00e1 especifica\u00e7\u00f5es que direcionam a fornecedor ou restringem a competi\u00e7\u00e3o<\/td><td><strong>&nbsp;<\/strong><\/td><td>100<\/td><\/tr><tr><td>1.03. O autor do projeto tem algum v\u00ednculo com o licitante<\/td><td><strong>&nbsp;<\/strong><\/td><td>100<\/td><\/tr><tr><td>1.04 H\u00e1 fracionamento com fuga da modalidade adequada ou para dispensar<\/td><td>&nbsp;<\/td><td>100<\/td><\/tr><tr><td>1.05 O objeto \u00e9 divis\u00edvel, mas n\u00e3o houve parcelamento e n\u00e3o h\u00e1 justificativa<\/td><td>&nbsp;<\/td><td>100<\/td><\/tr><tr><td>1.06 A previs\u00e3o or\u00e7ament\u00e1ria \u00e9 inadequada<\/td><td><strong>&nbsp;<\/strong><\/td><td>100<\/td><\/tr><tr><td>1.07 Os pre\u00e7os de refer\u00eancia foram estimados de forma inadequada<\/td><td>13<\/td><td>87<\/td><\/tr><tr><td>1.08 Deixou-se de adotar o preg\u00e3o eletr\u00f4nico e n\u00e3o h\u00e1 justificativa<\/td><td><strong>&nbsp;<\/strong><\/td><td>100<\/td><\/tr><tr><td>1.09 As quantidades licitadas s\u00e3o incompat\u00edveis com a demanda<\/td><td><strong>&nbsp;<\/strong><\/td><td>100<\/td><\/tr><\/tbody><\/table><\/figure>\n\n\n\n<figure class=\"wp-block-table\"><table><thead><tr><td><strong>2. Cl\u00e1usulas do edital<\/strong><strong><\/strong><\/td><td><strong>&nbsp;S(%)<\/strong><\/td><td><strong>&nbsp;N(%)<\/strong><\/td><\/tr><\/thead><tbody><tr><td>2.01 Veda-se apresenta\u00e7\u00e3o de documentos via postal, fax, telegrama ou <em>e-mail<\/em><\/td><td><strong>75 <\/strong><strong><\/strong><\/td><td>25<\/td><\/tr><tr><td>2.02 Pro\u00edbe-se a participa\u00e7\u00e3o de empresa em lit\u00edgio judicial com o \u00f3rg\u00e3o comprador<\/td><td><strong>&nbsp;<\/strong><\/td><td>100<\/td><\/tr><tr><td>2.03 Exige-se cadastro pr\u00e9vio irregular (prazo indevido em TP, obrigat\u00f3rio nas outras)<\/td><td><strong>&nbsp;<\/strong><\/td><td>100<\/td><\/tr><tr><td>2.04 Exige-se alvar\u00e1 ou comprova\u00e7\u00e3o de localiza\u00e7\u00e3o do licitante em munic\u00edpio espec\u00edfico<\/td><td><strong>&nbsp;<\/strong><\/td><td>100<\/td><\/tr><tr><td>2.05 Exige-se quita\u00e7\u00e3o em vez de regularidade fiscal<\/td><td><strong>&nbsp;<\/strong><\/td><td>100<\/td><\/tr><tr><td>2.06 Exige-se idoneidade financeira ou banc\u00e1ria<\/td><td><strong>75 <\/strong><strong><\/strong><\/td><td>25<\/td><\/tr><tr><td>2.07 Exige-se garantia de proposta irregular (valor, prazo, forma, cumulativo CS ou PL)<\/td><td><strong>&nbsp;<\/strong><\/td><td>100<\/td><\/tr><tr><td>2.08 Exigem-se \u00edndices cont\u00e1beis incomuns e sem justificativa<\/td><td><strong>&nbsp;<\/strong><\/td><td>100<\/td><\/tr><tr><td>2.09 Exige-se sa\u00fade financeira exagerada (capital integralizado, acima do limite)<\/td><td><strong>&nbsp;<\/strong><\/td><td>100<\/td><\/tr><tr><td>2.10 Exige-se certid\u00e3o negativa de corregedoria de justi\u00e7a<\/td><td><strong>&nbsp;<\/strong><\/td><td>100<\/td><\/tr><tr><td>2.11 Exige-se certid\u00e3o negativa de protesto<\/td><td><strong>25 <\/strong><strong><\/strong><\/td><td>75<\/td><\/tr><tr><td>2.12 Exige-se respons\u00e1vel t\u00e9cnico restringindo a forma de v\u00ednculo<\/td><td><strong>50 <\/strong><strong><\/strong><\/td><td>50<\/td><\/tr><tr><td>2.13 Exige-se atestado indevido (m\u00ednimo, m\u00e1ximo, fixo, parcela irrelevante, &gt; 50%)<\/td><td><strong>&nbsp;<\/strong><\/td><td>100<\/td><\/tr><tr><td>2.14 Exige-se visita obrigat\u00f3ria irregular (desnecess\u00e1ria, data \u00fanica, somente RT etc.)<\/td><td><strong>&nbsp;<\/strong><\/td><td>100<\/td><\/tr><tr><td>2.15 Exige-se registro indevido em conselho profissional (CRA, por exemplo)<\/td><td><strong>&nbsp;<\/strong><\/td><td>100<\/td><\/tr><\/tbody><\/table><\/figure>\n\n\n\n<figure class=\"wp-block-table\"><table><thead><tr><td><strong>3. Publicidade<\/strong><strong><\/strong><\/td><td><strong>&nbsp;S(%)<\/strong><\/td><td><strong>&nbsp;N(%)<\/strong><\/td><\/tr><\/thead><tbody><tr><td>3.01 O acesso ao edital \u00e9 restritivo (aquisi\u00e7\u00e3o presencial, pre\u00e7o exorbitante, etc.)<\/td><td><strong>13<\/strong><strong><\/strong><\/td><td>87<\/td><\/tr><tr><td>3.02 A publica\u00e7\u00e3o do aviso foi inadequada (tipo e abrang\u00eancia, forma, data)<\/td><td><strong>&nbsp;<\/strong><\/td><td>50<\/td><\/tr><\/tbody><\/table><\/figure>\n\n\n\n<figure class=\"wp-block-table\"><table><tbody><tr><td>Data: 18.03.2023<\/td><td>Respons\u00e1veis pela an\u00e1lise: Jos\u00e9 On\u00e7a e Gilberto Tuiui\u00fa<\/td><\/tr><\/tbody><\/table><\/figure>\n\n\n\n<figure class=\"wp-block-table\"><table><tbody><tr><td><strong><em>CHECKLIST<\/em><\/strong><strong>. PROCESSO LICITAT\u00d3RIO. OBRAS<\/strong><strong><\/strong><\/td><\/tr><\/tbody><\/table><\/figure>\n\n\n\n<p>Resposta esperada = N\u00c3O em todos os quesitos.<\/p>\n\n\n\n<figure class=\"wp-block-table\"><table><thead><tr><td><strong>Procedimentos<\/strong><strong><\/strong><\/td><td rowspan=\"2\"><strong>S(%)<\/strong><\/td><td rowspan=\"2\"><strong>N(%)<\/strong><\/td><\/tr><tr><td><strong>1. Projeto b\u00e1sico\/termo de refer\u00eancia<\/strong><strong><\/strong><\/td><\/tr><\/thead><tbody><tr><td>1.01 O objeto est\u00e1 definido de forma imprecisa, insuficiente<\/td><td>&nbsp;<\/td><td>100<\/td><\/tr><tr><td>1.02. H\u00e1 especifica\u00e7\u00f5es que direcionam a fornecedor ou restringem a competi\u00e7\u00e3o<\/td><td><strong>&nbsp;<\/strong><\/td><td>100<\/td><\/tr><tr><td>1.03. O autor do projeto tem algum v\u00ednculo com o licitante<\/td><td><strong>&nbsp;<\/strong><\/td><td>100<\/td><\/tr><tr><td>1.04 H\u00e1 fracionamento com fuga da modalidade adequada ou para dispensar<\/td><td>&nbsp;<\/td><td>100<\/td><\/tr><tr><td>1.05 O objeto \u00e9 divis\u00edvel, mas n\u00e3o houve parcelamento e n\u00e3o h\u00e1 justificativa<\/td><td><strong>&nbsp;<\/strong><\/td><td>100<\/td><\/tr><tr><td>1.06 A previs\u00e3o or\u00e7ament\u00e1ria \u00e9 inadequada<\/td><td><strong>&nbsp;<\/strong><\/td><td>100 <strong><\/strong><\/td><\/tr><tr><td>1.07 Os pre\u00e7os de refer\u00eancia foram estimados de forma inadequada<\/td><td><strong>&nbsp;<\/strong><\/td><td>100 <strong><\/strong><\/td><\/tr><\/tbody><\/table><\/figure>\n\n\n\n<figure class=\"wp-block-table\"><table><thead><tr><td><strong>2. Cl\u00e1usulas do edital<\/strong><strong><\/strong><\/td><td><strong>&nbsp;S(%)<\/strong><\/td><td><strong>&nbsp;N(%)<\/strong><\/td><\/tr><\/thead><tbody><tr><td>2.01 Veda-se apresenta\u00e7\u00e3o de documentos via postal, fax, telegrama ou <em>e-mail<\/em><\/td><td>&nbsp;<\/td><td>100<\/td><\/tr><tr><td>2.02 Veda-se a participa\u00e7\u00e3o de cons\u00f3rcios sem a devida motiva\u00e7\u00e3o<\/td><td>&nbsp;<\/td><td>100<\/td><\/tr><tr><td>2.03 Exige-se cadastro pr\u00e9vio irregular (prazo indevido em TP, obrigat\u00f3rio nas outras)<\/td><td>&nbsp;<\/td><td>100<\/td><\/tr><tr><td>2.04 Exige-se alvar\u00e1 ou comprova\u00e7\u00e3o de localiza\u00e7\u00e3o do licitante em munic\u00edpio espec\u00edfico<\/td><td>&nbsp;<\/td><td>100<\/td><\/tr><tr><td>2.05 Exige-se quita\u00e7\u00e3o em vez de regularidade fiscal<\/td><td><strong>&nbsp;<\/strong><\/td><td>100<\/td><\/tr><tr><td>2.06 Exige-se idoneidade financeira ou banc\u00e1ria<\/td><td><strong>&nbsp;<\/strong><\/td><td>100<\/td><\/tr><tr><td>2.07 Exige-se garantia de proposta irregular (valor, prazo, forma, com CS ou PL)<\/td><td><strong>50 <\/strong><strong><\/strong><\/td><td>50<\/td><\/tr><tr><td>2.08 Exigem-se \u00edndices cont\u00e1beis incomuns e sem justificativa<\/td><td><strong>&nbsp;<\/strong><\/td><td>100<\/td><\/tr><tr><td>2.09 Exige-se sa\u00fade financeira exagerada (capital integralizado, valor acima do limite)<\/td><td><strong>50 <\/strong><strong><\/strong><\/td><td>50<\/td><\/tr><tr><td>2.10 Exige-se posse, propriedade ou localiza\u00e7\u00e3o pr\u00e9via de m\u00e1quinas, equiptos ou outros<\/td><td><strong>&nbsp;<\/strong><\/td><td>100<\/td><\/tr><tr><td>2.11 Exige-se certid\u00e3o negativa de protesto<\/td><td><strong>&nbsp;<\/strong><\/td><td>100<\/td><\/tr><tr><td>2.12 Exige-se respons\u00e1vel t\u00e9cnico do quadro, restringindo a forma de v\u00ednculo<\/td><td><strong>&nbsp;<\/strong><\/td><td>100<\/td><\/tr><tr><td>2.13 Exige-se atestado indevido (m\u00edn, m\u00e1x, fixo, parcela irrelevante, &gt; 50 do licitado)<\/td><td><strong>50 <\/strong><strong><\/strong><\/td><td>50<\/td><\/tr><tr><td>2.14 Exige-se visita obrigat\u00f3ria irregular (desnecess\u00e1ria, data \u00fanica, s\u00f3 resp. t\u00e9cnico, etc.)<\/td><td><strong>100 <\/strong><strong><\/strong><\/td><td>&nbsp;<\/td><\/tr><tr><td>2.15 Exige-se visto do CREA do local de execu\u00e7\u00e3o da obra<\/td><td><strong>100 <\/strong><strong><\/strong><\/td><td>&nbsp;<\/td><\/tr><tr><td>2.16 Exige-se certificado de qualidade como requisito de habilita\u00e7\u00e3o<\/td><td><strong>&nbsp;<\/strong><\/td><td>100<\/td><\/tr><\/tbody><\/table><\/figure>\n\n\n\n<figure class=\"wp-block-table\"><table><thead><tr><td><strong>3. Publicidade<\/strong><strong><\/strong><\/td><td><strong>S(%)&nbsp;<\/strong><\/td><td><strong>&nbsp;N(%)<\/strong><\/td><\/tr><\/thead><tbody><tr><td>3.01 O acesso ao edital \u00e9 restritivo (aquisi\u00e7\u00e3o presencial, pre\u00e7o exorbitante, etc.)<\/td><td><strong>50 <\/strong><strong><\/strong><\/td><td>50<\/td><\/tr><tr><td>3.02 A publica\u00e7\u00e3o do aviso foi inadequada (tipo e abrang\u00eancia, forma, data)<\/td><td>&nbsp;<\/td><td>100<\/td><\/tr><\/tbody><\/table><\/figure>\n\n\n\n<figure class=\"wp-block-table\"><table><tbody><tr><td>Data: 18.03.2023<\/td><td>Respons\u00e1veis pela an\u00e1lise: Jos\u00e9 On\u00e7a e Gilberto Tuiui\u00fa<\/td><\/tr><\/tbody><\/table><\/figure>\n\n\n\n<figure class=\"wp-block-table\"><table><tbody><tr><td colspan=\"2\"><strong>CHECK-LIST. CONTRATOS<\/strong><\/td><td>&nbsp;<\/td><\/tr><tr><td><strong>UNIDADE EXAMINADA<\/strong><strong><\/strong><\/td><td colspan=\"2\"><strong>Prefeitura Municipal de Pantanal do Norte\/MT<\/strong><strong><\/strong><\/td><\/tr><tr><td><strong>PROCESSO EXAMINADO<\/strong><strong><\/strong><\/td><td colspan=\"2\"><strong>Contratos Celebrados em 2022 presentes na amostra<\/strong><strong><\/strong><\/td><\/tr><tr><td><\/td><td><\/td><td><\/td><\/tr><\/tbody><\/table><\/figure>\n\n\n\n<p><strong>Resposta esperada = SIM em todos os quesitos.<\/strong><\/p>\n\n\n\n<figure class=\"wp-block-table\"><table><thead><tr><td><strong>Procedimentos<\/strong><strong><\/strong><\/td><td rowspan=\"2\"><strong>S(%)<\/strong><strong><\/strong><\/td><td rowspan=\"2\"><strong>N(%)<\/strong><strong><\/strong><\/td><\/tr><tr><td><strong>1. Formaliza\u00e7\u00e3o<\/strong><strong><\/strong><\/td><\/tr><\/thead><tbody><tr><td>1.01 Houve formaliza\u00e7\u00e3o do Termo de Contrato nos casos obrigat\u00f3rios?<\/td><td>100<\/td><td>&nbsp;<\/td><\/tr><tr><td>1.02.Execu\u00e7\u00e3o de servi\u00e7os com a respectiva formaliza\u00e7\u00e3o de contrato ou aditivo contratual?&nbsp;&nbsp;<\/td><td>100<strong><\/strong><\/td><td>&nbsp;<\/td><\/tr><tr><td>1.03. A minuta do contrato e aditivo foi referendada pela Assessoria ou Procuradoria Jur\u00eddica?<\/td><td><strong>&nbsp;<\/strong><\/td><td>&nbsp;<\/td><\/tr><\/tbody><\/table><\/figure>\n\n\n\n<figure class=\"wp-block-table\"><table><thead><tr><td><strong>2. Dura\u00e7\u00e3o e Prorroga\u00e7\u00e3o<\/strong><strong><\/strong><\/td><td><strong>&nbsp;S(%)<\/strong>  <\/td><td><strong>&nbsp;N(%)<\/strong> <\/td><\/tr><\/thead><tbody><tr><td>2.01 A vig\u00eancia do contrato foi estabelecida por tempo determinado?<\/td><td>100<\/td><td>&nbsp;<\/td><\/tr><tr><td>2.02.Nas prorroga\u00e7\u00f5es contratuais, houve demonstra\u00e7\u00e3o de sua vantajosidade?&nbsp;&nbsp;&nbsp;&nbsp;&nbsp;&nbsp;&nbsp;&nbsp;&nbsp;&nbsp;&nbsp;<\/td><td>100<strong><\/strong><\/td><td>&nbsp;<\/td><\/tr><tr><td>2.03.Os aditivos contratuais observaram o percentual estabelecido na Lei n\u00ba 8.666\/93?&nbsp;&nbsp;&nbsp;&nbsp;&nbsp;&nbsp;&nbsp;&nbsp;&nbsp;&nbsp;&nbsp;<\/td><td>100<strong><\/strong><\/td><td>&nbsp;<\/td><\/tr><\/tbody><\/table><\/figure>\n\n\n\n<figure class=\"wp-block-table\"><table><thead><tr><td><strong>3. Publicidade<\/strong><strong><\/strong><\/td><td><strong>&nbsp;S(%)<\/strong>     <\/td><td><strong>&nbsp;N(%)<\/strong>       <\/td><\/tr><\/thead><tbody><tr><td>3.01 Publica\u00e7\u00e3o resumida do contrato ocorreu at\u00e9 o quinto dia \u00fatil do m\u00eas subsequente \u00e0 assinatura?<\/td><td>100<\/td><td>&nbsp;<\/td><\/tr><tr><td>3.02.Publicadas informa\u00e7\u00f5es do contrato em seu s\u00edtio oficial, de acordo com a Lei 12.527\/2011?<\/td><td>100<strong><\/strong><\/td><td>&nbsp;<\/td><\/tr><\/tbody><\/table><\/figure>\n\n\n\n<figure class=\"wp-block-table\"><table><thead><tr><td><strong>4. Execu\u00e7\u00e3o<\/strong><strong><\/strong><\/td><td><strong>&nbsp;S(%)<\/strong>                     <\/td><td><strong>&nbsp;N(%)<\/strong>                       <\/td><\/tr><\/thead><tbody><tr><td>4.01 H\u00e1 compatibilidade entre o realizado e as especifica\u00e7\u00f5es ajustadas no contrato?<\/td><td>100<\/td><td>&nbsp;<\/td><\/tr><tr><td>4.02 N\u00e3o houve <strong>sub-roga\u00e7\u00e3o<\/strong> de direitos e obriga\u00e7\u00f5es de parte do Contrato para outra empresa?<\/td><td>100<strong><\/strong><\/td><td>&nbsp;<\/td><\/tr><tr><td>4.03 A subcontrata\u00e7\u00e3o parcial foi realizada com previs\u00e3o no edital de licita\u00e7\u00e3o e no contrato, e somente ap\u00f3s autoriza\u00e7\u00e3o formal da administra\u00e7\u00e3o?<\/td><td>100<strong><\/strong><\/td><td>&nbsp;<\/td><\/tr><tr><td>4.04 O empenho foi emitido antes da realiza\u00e7\u00e3o da despesa?<\/td><td>75<strong><\/strong><\/td><td>25<\/td><\/tr><tr><td>4.05 Documentos fiscais evidenciam servi\u00e7os prestados ou materiais entregues?<\/td><td>100<\/td><td>&nbsp;<\/td><\/tr><tr><td>4.06 Verificada a regularidade fiscal\/trabalhista da contratada antes da emiss\u00e3o do pagamento?<\/td><td>80<strong><\/strong><\/td><td>20<\/td><\/tr><tr><td>4.07 Os pagamentos foram realizados somente ap\u00f3s a execu\u00e7\u00e3o do objeto?<\/td><td>100<strong><\/strong><\/td><td>&nbsp;<\/td><\/tr><tr><td>4.08 Nos contratos de presta\u00e7\u00e3o de servi\u00e7os, a repactua\u00e7\u00e3o ocorreu ap\u00f3s o interregno m\u00ednimo de um ano da data limite para apresenta\u00e7\u00e3o das propostas ou da data do acordo, conven\u00e7\u00e3o ou diss\u00eddio coletivo de trabalho, vigente \u00e0 \u00e9poca da apresenta\u00e7\u00e3o da proposta?<\/td><td>100<strong><\/strong><\/td><td>&nbsp;<\/td><\/tr><tr><td>4.09 Nas atas de registro de pre\u00e7os: (i) as aquisi\u00e7\u00f5es respeitaram o limite de 100% dos quantitativos? (ii) as ades\u00f5es n\u00e3o excedem ao qu\u00edntuplo do quantitativo?<\/td><td><strong>75<\/strong><strong><\/strong><\/td><td>25<\/td><\/tr><\/tbody><\/table><\/figure>\n\n\n\n<figure class=\"wp-block-table\"><table><thead><tr><td><strong>5. Fiscaliza\u00e7\u00e3o<\/strong><strong><\/strong><\/td><td><strong>&nbsp;S(%)<\/strong>       <\/td><td><strong>N(%)     &nbsp;<\/strong><\/td><\/tr><\/thead><tbody><tr><td>5.01 Houve designa\u00e7\u00e3o formal de representante da administra\u00e7\u00e3o para acompanhar e fiscalizar a execu\u00e7\u00e3o dos contratos?<\/td><td>100<\/td><td>&nbsp;<\/td><\/tr><tr><td>5.02.O fiscal de contrato anota em registro pr\u00f3prio as ocorr\u00eancias relacionadas com a execu\u00e7\u00e3o do contrato?<\/td><td><strong>&nbsp;<\/strong><\/td><td>100<\/td><\/tr><tr><td>5.03.A Administra\u00e7\u00e3o tem responsabilizado empresas que fraudam a licita\u00e7\u00e3o ou a execu\u00e7\u00e3o contratual?<\/td><td><strong>90<\/strong><strong><\/strong><\/td><td>10<\/td><\/tr><\/tbody><\/table><\/figure>\n\n\n\n<figure class=\"wp-block-table\"><table><thead><tr><td><strong>6. Garantia Contratual<\/strong><strong><\/strong><\/td><td><strong>&nbsp;S(%)<\/strong>       <\/td><td><strong>N(%)&nbsp;<\/strong>       <\/td><\/tr><\/thead><tbody><tr><td>6.01 A garantia contratual foi apresentada nas modalidades previstas no art. 56 da lei n. 8666\/93?<\/td><td>100<\/td><td>&nbsp;<\/td><\/tr><tr><td>6.02.A garantia apresentada prev\u00ea cobertura para encargos trabalhistas e previdenci\u00e1rios nos contratos de presta\u00e7\u00e3o de servi\u00e7os?<\/td><td>100<strong><\/strong><\/td><td>&nbsp;<\/td><\/tr><tr><td>6.03.O valor da garantia foi atualizado nos acr\u00e9scimos, supress\u00f5es e aditamentos do contrato?<\/td><td>100<strong><\/strong><\/td><td>&nbsp;<\/td><\/tr><tr><td>6.04.A garantia foi apresentada antes da efetiva celebra\u00e7\u00e3o do contrato? Obs.: Exceto em Seguro-Garantia e Fian\u00e7a Banc\u00e1ria<\/td><td>100<strong><\/strong><\/td><td>&nbsp;<\/td><\/tr><\/tbody><\/table><\/figure>\n\n\n\n<figure class=\"wp-block-table\"><table><thead><tr><td><strong>7. Recebimento Provis\u00f3rio e Definitivo<\/strong><strong><\/strong><\/td><td><strong>&nbsp;S(%)<\/strong><\/td><td><strong>N(%)&nbsp;<\/strong><\/td><\/tr><\/thead><tbody><tr><td>7.01 Nas obras, compras e servi\u00e7os, houve recebimento provis\u00f3rio e definitivo?<\/td><td>100<\/td><td>&nbsp;<\/td><\/tr><\/tbody><\/table><\/figure>\n\n\n\n<figure class=\"wp-block-table\"><table><tbody><tr><td><strong>Data: <\/strong>18\/03\/2023<strong><\/strong><\/td><td><strong>Respons\u00e1vel pela an\u00e1lise:<\/strong> Jos\u00e9 On\u00e7a e Gilberto Tuiui\u00fa<strong><\/strong><\/td><\/tr><\/tbody><\/table><\/figure>\n\n\n\n<p><\/p>\n<\/div>\n<\/div>\n","protected":false},"excerpt":{"rendered":"<p>3. Relat\u00f3rio de Auditoria de Avalia\u00e7\u00e3o de Licita\u00e7\u00f5es ESTADO DE MATO GROSSOPREFEITURA MUNICIPAL DE PANTANAL DO NORTE\/MTCONTROLADORIA-GERAL DO MUNIC\u00cdPIOAN\u00c1LISE DE PROCESSOS LICITAT\u00d3RIOS Amostragem de auditoria A auditoria teve por objetivo avaliar a regularidade das contrata\u00e7\u00f5es efetuadas em atendimento \u00e0 demanda apresentada pela diretora de compras. Em consulta ao sistema de compras, foram obtidos os seguintes&hellip; <br \/> <a class=\"read-more\" href=\"https:\/\/www.professorkleberson.com.br\/inicio\/prefeitura-pantanal-do-norte-mt-auditorias-realizadas-2\/\">Leia mais<\/a><\/p>\n","protected":false},"author":1,"featured_media":0,"parent":0,"menu_order":0,"comment_status":"closed","ping_status":"closed","template":"","meta":{"footnotes":"[]"},"class_list":["post-303","page","type-page","status-publish","hentry"],"_links":{"self":[{"href":"https:\/\/www.professorkleberson.com.br\/inicio\/wp-json\/wp\/v2\/pages\/303","targetHints":{"allow":["GET"]}}],"collection":[{"href":"https:\/\/www.professorkleberson.com.br\/inicio\/wp-json\/wp\/v2\/pages"}],"about":[{"href":"https:\/\/www.professorkleberson.com.br\/inicio\/wp-json\/wp\/v2\/types\/page"}],"author":[{"embeddable":true,"href":"https:\/\/www.professorkleberson.com.br\/inicio\/wp-json\/wp\/v2\/users\/1"}],"replies":[{"embeddable":true,"href":"https:\/\/www.professorkleberson.com.br\/inicio\/wp-json\/wp\/v2\/comments?post=303"}],"version-history":[{"count":7,"href":"https:\/\/www.professorkleberson.com.br\/inicio\/wp-json\/wp\/v2\/pages\/303\/revisions"}],"predecessor-version":[{"id":319,"href":"https:\/\/www.professorkleberson.com.br\/inicio\/wp-json\/wp\/v2\/pages\/303\/revisions\/319"}],"wp:attachment":[{"href":"https:\/\/www.professorkleberson.com.br\/inicio\/wp-json\/wp\/v2\/media?parent=303"}],"curies":[{"name":"wp","href":"https:\/\/api.w.org\/{rel}","templated":true}]}}